{"id":5861,"date":"2025-02-26T13:35:40","date_gmt":"2025-02-26T13:35:40","guid":{"rendered":"https:\/\/nubkrte.org.mk\/?page_id=5861"},"modified":"2025-02-26T13:42:06","modified_gmt":"2025-02-26T13:42:06","slug":"programi-vjetor-i-punes-se-institucionit-nacional-biblioteka-koco-racin-tetove-per-vitin-2025","status":"publish","type":"page","link":"https:\/\/nubkrte.org.mk\/mk\/programi-vjetor-i-punes-se-institucionit-nacional-biblioteka-koco-racin-tetove-per-vitin-2025\/","title":{"rendered":"\u0413\u043e\u0434\u0438\u0448\u043d\u0430 \u043f\u0440\u043e\u0433\u0440\u0430\u043c\u0430"},"content":{"rendered":"<pre class=\"wp-block-preformatted\"><strong>\u0413\u043e\u0434\u0438\u0448\u043d\u0430\u0442\u0430 \u043f\u0440\u043e\u0433\u0440\u0430\u043c\u0430 \u0437\u0430 \u0440\u0430\u0431\u043e\u0442\u0430 \u043d\u0430 \u041d\u0430\u0446\u0438\u043e\u043d\u0430\u043b\u043d\u0430\u0442\u0430 \u0423\u0441\u0442\u0430\u043d\u043e\u0432\u0430 \u0411\u0438\u0431\u043b\u0438\u043e\u0442\u0435\u043a\u0430 \u201c\u041a\u043e\u0447\u043e \u0420\u0430\u0446\u0438\u043d\u201d \u2013\u0422\u0435\u0442\u043e\u0432\u043e \u0437\u0430 2025 \u0433\u043e\u0434\u0438\u043d\u0430 \u043f\u043e\u0434\u0434\u0440\u0436\u0430\u043d\u0430 \u043e\u0434  \u041c\u0438\u043d\u0438\u0441\u0442\u0435\u0440\u0441\u0442\u0432\u043e\u0442\u043e \u0437\u0430 \u043a\u0443\u043b\u0442\u0443\u0440\u0430 \u0438 \u0442\u0443\u0440\u0438\u0437\u0430\u043c \u043d\u0430 \u0420\u0421\u041c<\/strong><br> <br>-\u043e\u0434 \u043e\u0431\u043b\u0430\u0441\u0442\u0430 \u043d\u0430 \u0431\u0438\u0431\u043b\u0438\u043e\u0442\u0435\u0447\u043d\u0430\u0442\u0430 \u0434\u0435\u0458\u043d\u043e\u0441\u0442<br><br>1. \u041d\u0430\u0431\u0430\u0432\u043a\u0430 \u043d\u0430 \u043a\u043d\u0438\u0436\u0435\u043d \u0444\u043e\u043d\u0434 \u2013<br>2. 23-\u0442\u0438 \u0410\u043f\u0440\u0438\u043b C\u0432\u0435\u0442\u0441\u043a\u0438\u043e\u0442 \u0414\u0435\u043d \u043d\u0430 \u041a\u043d\u0438\u0433\u0430\u0442\u0430<br>3.\u0422\u0440\u043a\u0430\u043b\u0435\u0437\u0430 \u043c\u0430\u0441\u0430 \u0441\u043e \u0440\u043e\u0434\u043d\u043e\u043a\u0440\u0430\u0458\u043d\u0438 \u043f\u0438\u0441\u0430\u0442\u0435\u043b\u0438 \u043e\u0434 \u0422\u0435\u0442\u043e\u0432\u043e \u0438 \u0442\u0435\u0442\u043e\u0432\u0441\u043a\u043e  -<br>4.\u041e\u043f\u0448\u0442\u0438\u043d\u0441\u043a\u0438 \u043d\u0430\u0442\u043f\u0440\u0435\u0432\u0430\u0440 \u201e\u041c\u043b\u0430\u0434\u0438 \u0431\u0438\u0431\u043b\u0438\u043e\u0442\u0435\u043a\u0430\u0440\u0438\u201d<br>5. \u0417\u0430\u043f\u043e\u0437\u043d\u0430\u0458 \u0458\u0430 \u0431\u0438\u0431\u043b\u0438\u043e\u0442\u0435\u043a\u0430\u0442\u0430! <br>\u0427\u0438\u0442\u0430\u043c\u0435 \u0437\u0430 \u043d\u0430\u0448\u0430\u0442\u0430 \u0434\u0443\u0448\u0430<br>7. \u0412\u043e \u0441\u0432\u0435\u0442\u043e\u0442 \u043d\u0430 \u0431\u0430\u0458\u043a\u0438\u0442\u0435 <br>8.\u0411\u0438\u0431\u043b\u0438\u043e\u0442\u0435\u043a\u0430 \u0440\u0430\u0458\u043e\u0442 \u043d\u0430 \u0437\u0435\u043c\u0458\u0430\u0442\u0430... <br>9.\u041f\u0440\u043e\u0433\u043b\u0430\u0441\u0443\u0432\u0430\u045a\u0435 \u043d\u0430 \u0447\u0438\u0442\u0430\u0442\u0435\u043b\u0438 \u0440\u0435\u043a\u043e\u0440\u0434\u0435\u0440\u0438 \u0437\u0430 2025 (\u043d\u0430\u0458\u0430\u043a\u0442\u0438\u0432\u043d\u0438 \u0447\u0438\u0442\u0430\u0442\u0435\u043b\u0438 \u0432\u043e 2025)<br>10.\u041a\u043b\u0443\u0431 \u043d\u0430 \u0447\u0438\u0442\u0430\u0442\u0435\u043b\u0438 <br>11.\u0423\u043a\u043e\u0440\u0438\u0447\u0443\u0432\u0430\u045a\u0435 \u043d\u0430 \u0434\u043d\u0435\u0432\u0435\u043d  \u043f\u0435\u0447\u0430\u0442<br><\/pre>","protected":false},"excerpt":{"rendered":"<p>Programi vjetor i pun\u00ebs s\u00eb Institucionit Nacional Biblioteka \u201cKo\u00e7o Racin\u201d &#8211; Tetov\u00eb p\u00ebr vitin 2025 mb\u00ebshtetur nga Ministria e Kultur\u00ebs dhe Turizmit t\u00eb RMV -nga fusha e veprimtaris\u00eb bibliotekare1. Furnizimi [&hellip;]<\/p>\n","protected":false},"author":1,"featured_media":0,"parent":0,"menu_order":0,"comment_status":"closed","ping_status":"closed","template":"","meta":{"om_disable_all_campaigns":false,"footnotes":""},"class_list":["post-5861","page","type-page","status-publish","hentry"],"yoast_head":"<!-- This site is optimized with the Yoast SEO plugin v27.5 - https:\/\/yoast.com\/product\/yoast-seo-wordpress\/ -->\n<title>Programi vjetor - Bibloteka e Tetoves<\/title>\n<meta name=\"robots\" content=\"index, follow, max-snippet:-1, max-image-preview:large, max-video-preview:-1\" \/>\n<link rel=\"canonical\" href=\"https:\/\/nubkrte.org.mk\/mk\/programi-vjetor-i-punes-se-institucionit-nacional-biblioteka-koco-racin-tetove-per-vitin-2025\/\" \/>\n<meta property=\"og:locale\" content=\"mk_MK\" \/>\n<meta property=\"og:type\" content=\"article\" \/>\n<meta property=\"og:title\" content=\"Programi vjetor - Bibloteka e Tetoves\" \/>\n<meta property=\"og:description\" content=\"Programi vjetor i pun\u00ebs s\u00eb Institucionit Nacional Biblioteka \u201cKo\u00e7o Racin\u201d - Tetov\u00eb p\u00ebr vitin 2025 mb\u00ebshtetur nga Ministria e Kultur\u00ebs dhe Turizmit t\u00eb RMV -nga fusha e veprimtaris\u00eb bibliotekare1. Furnizimi [&hellip;]\" \/>\n<meta property=\"og:url\" content=\"https:\/\/nubkrte.org.mk\/mk\/programi-vjetor-i-punes-se-institucionit-nacional-biblioteka-koco-racin-tetove-per-vitin-2025\/\" \/>\n<meta property=\"og:site_name\" content=\"Bibloteka e Tetoves\" \/>\n<meta property=\"article:publisher\" content=\"https:\/\/www.facebook.com\/profile.php?id=100076155098032\" \/>\n<meta property=\"article:modified_time\" content=\"2025-02-26T13:42:06+00:00\" \/>\n<meta name=\"twitter:card\" content=\"summary_large_image\" \/>\n<script type=\"application\/ld+json\" class=\"yoast-schema-graph\">{\"@context\":\"https:\\\/\\\/schema.org\",\"@graph\":[{\"@type\":\"WebPage\",\"@id\":\"https:\\\/\\\/nubkrte.org.mk\\\/programi-vjetor-i-punes-se-institucionit-nacional-biblioteka-koco-racin-tetove-per-vitin-2025\\\/\",\"url\":\"https:\\\/\\\/nubkrte.org.mk\\\/programi-vjetor-i-punes-se-institucionit-nacional-biblioteka-koco-racin-tetove-per-vitin-2025\\\/\",\"name\":\"Programi vjetor - Bibloteka e Tetoves\",\"isPartOf\":{\"@id\":\"https:\\\/\\\/nubkrte.org.mk\\\/#website\"},\"datePublished\":\"2025-02-26T13:35:40+00:00\",\"dateModified\":\"2025-02-26T13:42:06+00:00\",\"breadcrumb\":{\"@id\":\"https:\\\/\\\/nubkrte.org.mk\\\/programi-vjetor-i-punes-se-institucionit-nacional-biblioteka-koco-racin-tetove-per-vitin-2025\\\/#breadcrumb\"},\"inLanguage\":\"mk-MK\",\"potentialAction\":[{\"@type\":\"ReadAction\",\"target\":[\"https:\\\/\\\/nubkrte.org.mk\\\/programi-vjetor-i-punes-se-institucionit-nacional-biblioteka-koco-racin-tetove-per-vitin-2025\\\/\"]}]},{\"@type\":\"BreadcrumbList\",\"@id\":\"https:\\\/\\\/nubkrte.org.mk\\\/programi-vjetor-i-punes-se-institucionit-nacional-biblioteka-koco-racin-tetove-per-vitin-2025\\\/#breadcrumb\",\"itemListElement\":[{\"@type\":\"ListItem\",\"position\":1,\"name\":\"Home\",\"item\":\"https:\\\/\\\/nubkrte.org.mk\\\/\"},{\"@type\":\"ListItem\",\"position\":2,\"name\":\"Programi vjetor\"}]},{\"@type\":\"WebSite\",\"@id\":\"https:\\\/\\\/nubkrte.org.mk\\\/#website\",\"url\":\"https:\\\/\\\/nubkrte.org.mk\\\/\",\"name\":\"Bibloteka e Tetoves\",\"description\":\"Bibloteka e Tetoves\",\"publisher\":{\"@id\":\"https:\\\/\\\/nubkrte.org.mk\\\/#organization\"},\"potentialAction\":[{\"@type\":\"SearchAction\",\"target\":{\"@type\":\"EntryPoint\",\"urlTemplate\":\"https:\\\/\\\/nubkrte.org.mk\\\/?s={search_term_string}\"},\"query-input\":{\"@type\":\"PropertyValueSpecification\",\"valueRequired\":true,\"valueName\":\"search_term_string\"}}],\"inLanguage\":\"mk-MK\"},{\"@type\":\"Organization\",\"@id\":\"https:\\\/\\\/nubkrte.org.mk\\\/#organization\",\"name\":\"Bibloteka e Tetoves\",\"url\":\"https:\\\/\\\/nubkrte.org.mk\\\/\",\"logo\":{\"@type\":\"ImageObject\",\"inLanguage\":\"mk-MK\",\"@id\":\"https:\\\/\\\/nubkrte.org.mk\\\/#\\\/schema\\\/logo\\\/image\\\/\",\"url\":\"https:\\\/\\\/i0.wp.com\\\/nubkrte.org.mk\\\/wp-content\\\/uploads\\\/2025\\\/04\\\/cropped-IMG-20250410-WA0013-removebg-preview.png?fit=476%2C80&ssl=1\",\"contentUrl\":\"https:\\\/\\\/i0.wp.com\\\/nubkrte.org.mk\\\/wp-content\\\/uploads\\\/2025\\\/04\\\/cropped-IMG-20250410-WA0013-removebg-preview.png?fit=476%2C80&ssl=1\",\"width\":476,\"height\":80,\"caption\":\"Bibloteka e Tetoves\"},\"image\":{\"@id\":\"https:\\\/\\\/nubkrte.org.mk\\\/#\\\/schema\\\/logo\\\/image\\\/\"},\"sameAs\":[\"https:\\\/\\\/www.facebook.com\\\/profile.php?id=100076155098032\"]}]}<\/script>\n<!-- \/ Yoast SEO plugin. -->","yoast_head_json":{"title":"Programi vjetor - Bibloteka e Tetoves","robots":{"index":"index","follow":"follow","max-snippet":"max-snippet:-1","max-image-preview":"max-image-preview:large","max-video-preview":"max-video-preview:-1"},"canonical":"https:\/\/nubkrte.org.mk\/mk\/programi-vjetor-i-punes-se-institucionit-nacional-biblioteka-koco-racin-tetove-per-vitin-2025\/","og_locale":"mk_MK","og_type":"article","og_title":"Programi vjetor - Bibloteka e Tetoves","og_description":"Programi vjetor i pun\u00ebs s\u00eb Institucionit Nacional Biblioteka \u201cKo\u00e7o Racin\u201d - Tetov\u00eb p\u00ebr vitin 2025 mb\u00ebshtetur nga Ministria e Kultur\u00ebs dhe Turizmit t\u00eb RMV -nga fusha e veprimtaris\u00eb bibliotekare1. Furnizimi [&hellip;]","og_url":"https:\/\/nubkrte.org.mk\/mk\/programi-vjetor-i-punes-se-institucionit-nacional-biblioteka-koco-racin-tetove-per-vitin-2025\/","og_site_name":"Bibloteka e Tetoves","article_publisher":"https:\/\/www.facebook.com\/profile.php?id=100076155098032","article_modified_time":"2025-02-26T13:42:06+00:00","twitter_card":"summary_large_image","schema":{"@context":"https:\/\/schema.org","@graph":[{"@type":"WebPage","@id":"https:\/\/nubkrte.org.mk\/programi-vjetor-i-punes-se-institucionit-nacional-biblioteka-koco-racin-tetove-per-vitin-2025\/","url":"https:\/\/nubkrte.org.mk\/programi-vjetor-i-punes-se-institucionit-nacional-biblioteka-koco-racin-tetove-per-vitin-2025\/","name":"Programi vjetor - Bibloteka e Tetoves","isPartOf":{"@id":"https:\/\/nubkrte.org.mk\/#website"},"datePublished":"2025-02-26T13:35:40+00:00","dateModified":"2025-02-26T13:42:06+00:00","breadcrumb":{"@id":"https:\/\/nubkrte.org.mk\/programi-vjetor-i-punes-se-institucionit-nacional-biblioteka-koco-racin-tetove-per-vitin-2025\/#breadcrumb"},"inLanguage":"mk-MK","potentialAction":[{"@type":"ReadAction","target":["https:\/\/nubkrte.org.mk\/programi-vjetor-i-punes-se-institucionit-nacional-biblioteka-koco-racin-tetove-per-vitin-2025\/"]}]},{"@type":"BreadcrumbList","@id":"https:\/\/nubkrte.org.mk\/programi-vjetor-i-punes-se-institucionit-nacional-biblioteka-koco-racin-tetove-per-vitin-2025\/#breadcrumb","itemListElement":[{"@type":"ListItem","position":1,"name":"Home","item":"https:\/\/nubkrte.org.mk\/"},{"@type":"ListItem","position":2,"name":"Programi vjetor"}]},{"@type":"WebSite","@id":"https:\/\/nubkrte.org.mk\/#website","url":"https:\/\/nubkrte.org.mk\/","name":"Bibloteka e Tetoves","description":"Bibloteka e Tetoves","publisher":{"@id":"https:\/\/nubkrte.org.mk\/#organization"},"potentialAction":[{"@type":"SearchAction","target":{"@type":"EntryPoint","urlTemplate":"https:\/\/nubkrte.org.mk\/?s={search_term_string}"},"query-input":{"@type":"PropertyValueSpecification","valueRequired":true,"valueName":"search_term_string"}}],"inLanguage":"mk-MK"},{"@type":"Organization","@id":"https:\/\/nubkrte.org.mk\/#organization","name":"Bibloteka e Tetoves","url":"https:\/\/nubkrte.org.mk\/","logo":{"@type":"ImageObject","inLanguage":"mk-MK","@id":"https:\/\/nubkrte.org.mk\/#\/schema\/logo\/image\/","url":"https:\/\/i0.wp.com\/nubkrte.org.mk\/wp-content\/uploads\/2025\/04\/cropped-IMG-20250410-WA0013-removebg-preview.png?fit=476%2C80&ssl=1","contentUrl":"https:\/\/i0.wp.com\/nubkrte.org.mk\/wp-content\/uploads\/2025\/04\/cropped-IMG-20250410-WA0013-removebg-preview.png?fit=476%2C80&ssl=1","width":476,"height":80,"caption":"Bibloteka e Tetoves"},"image":{"@id":"https:\/\/nubkrte.org.mk\/#\/schema\/logo\/image\/"},"sameAs":["https:\/\/www.facebook.com\/profile.php?id=100076155098032"]}]}},"jetpack_sharing_enabled":true,"_links":{"self":[{"href":"https:\/\/nubkrte.org.mk\/mk\/wp-json\/wp\/v2\/pages\/5861","targetHints":{"allow":["GET"]}}],"collection":[{"href":"https:\/\/nubkrte.org.mk\/mk\/wp-json\/wp\/v2\/pages"}],"about":[{"href":"https:\/\/nubkrte.org.mk\/mk\/wp-json\/wp\/v2\/types\/page"}],"author":[{"embeddable":true,"href":"https:\/\/nubkrte.org.mk\/mk\/wp-json\/wp\/v2\/users\/1"}],"replies":[{"embeddable":true,"href":"https:\/\/nubkrte.org.mk\/mk\/wp-json\/wp\/v2\/comments?post=5861"}],"version-history":[{"count":3,"href":"https:\/\/nubkrte.org.mk\/mk\/wp-json\/wp\/v2\/pages\/5861\/revisions"}],"predecessor-version":[{"id":5864,"href":"https:\/\/nubkrte.org.mk\/mk\/wp-json\/wp\/v2\/pages\/5861\/revisions\/5864"}],"wp:attachment":[{"href":"https:\/\/nubkrte.org.mk\/mk\/wp-json\/wp\/v2\/media?parent=5861"}],"curies":[{"name":"wp","href":"https:\/\/api.w.org\/{rel}","templated":true}]}}